{"id":1956,"date":"2023-11-08T13:56:13","date_gmt":"2023-11-08T13:56:13","guid":{"rendered":"http:\/\/192.168.244.140\/?page_id=1956"},"modified":"2024-05-07T15:01:22","modified_gmt":"2024-05-07T18:01:22","slug":"mobilidade_urbana","status":"publish","type":"page","link":"https:\/\/prosap.parauapebas.pa.gov.br\/index.php\/mobilidade_urbana\/","title":{"rendered":"mobilidade_urbana"},"content":{"rendered":"\t\t<div data-elementor-type=\"wp-page\" data-elementor-id=\"1956\" class=\"elementor elementor-1956\" data-elementor-post-type=\"page\">\n\t\t\t\t\t\t<section class=\"elementor-section elementor-top-section elementor-element elementor-element-10ba89b elementor-section-height-min-height elementor-section-boxed elementor-section-height-default elementor-section-items-middle\" data-id=\"10ba89b\" data-element_type=\"section\" data-e-type=\"section\" data-settings=\"{&quot;background_background&quot;:&quot;classic&quot;}\">\n\t\t\t\t\t\t<div class=\"elementor-container elementor-column-gap-default\">\n\t\t\t\t\t<div class=\"elementor-column elementor-col-100 elementor-top-column elementor-element elementor-element-a8f1d8b\" data-id=\"a8f1d8b\" data-element_type=\"column\" data-e-type=\"column\">\n\t\t\t<div class=\"elementor-widget-wrap elementor-element-populated\">\n\t\t\t\t\t\t<div class=\"elementor-element elementor-element-1d30f7c elementor-widget elementor-widget-heading\" data-id=\"1d30f7c\" data-element_type=\"widget\" data-e-type=\"widget\" data-widget_type=\"heading.default\">\n\t\t\t\t<div class=\"elementor-widget-container\">\n\t\t\t\t\t<h2 class=\"elementor-heading-title elementor-size-default\">Mobilidade Urbana<\/h2>\t\t\t\t<\/div>\n\t\t\t\t<\/div>\n\t\t\t\t<div class=\"elementor-element elementor-element-e79803b elementor-widget-divider--separator-type-pattern elementor-widget-divider--view-line elementor-widget elementor-widget-divider\" data-id=\"e79803b\" data-element_type=\"widget\" data-e-type=\"widget\" data-widget_type=\"divider.default\">\n\t\t\t\t<div class=\"elementor-widget-container\">\n\t\t\t\t\t\t\t<div class=\"elementor-divider\" style=\"--divider-pattern-url: url(&quot;data:image\/svg+xml,%3Csvg xmlns=&#039;http:\/\/www.w3.org\/2000\/svg&#039; preserveAspectRatio=&#039;none&#039; overflow=&#039;visible&#039; height=&#039;100%&#039; viewBox=&#039;0 0 20 16&#039; fill=&#039;none&#039; stroke=&#039;black&#039; stroke-width=&#039;2.5&#039; stroke-linecap=&#039;square&#039; stroke-miterlimit=&#039;10&#039;%3E%3Cg transform=&#039;translate(-12.000000, 0)&#039;%3E%3Cpath d=&#039;M28,0L10,18&#039;\/%3E%3Cpath d=&#039;M18,0L0,18&#039;\/%3E%3Cpath d=&#039;M48,0L30,18&#039;\/%3E%3Cpath d=&#039;M38,0L20,18&#039;\/%3E%3C\/g%3E%3C\/svg%3E&quot;);\">\n\t\t\t<span class=\"elementor-divider-separator\">\n\t\t\t\t\t\t<\/span>\n\t\t<\/div>\n\t\t\t\t\t\t<\/div>\n\t\t\t\t<\/div>\n\t\t\t\t<section class=\"elementor-section elementor-inner-section elementor-element elementor-element-6bf74e3 elementor-section-boxed elementor-section-height-default elementor-section-height-default\" data-id=\"6bf74e3\" data-element_type=\"section\" data-e-type=\"section\">\n\t\t\t\t\t\t<div class=\"elementor-container elementor-column-gap-default\">\n\t\t\t\t\t<div class=\"elementor-column elementor-col-100 elementor-inner-column elementor-element elementor-element-ef9b438\" data-id=\"ef9b438\" data-element_type=\"column\" data-e-type=\"column\">\n\t\t\t<div class=\"elementor-widget-wrap elementor-element-populated\">\n\t\t\t\t\t\t<div class=\"elementor-element elementor-element-15273c0 elementor-widget elementor-widget-text-editor\" data-id=\"15273c0\" data-element_type=\"widget\" data-e-type=\"widget\" data-widget_type=\"text-editor.default\">\n\t\t\t\t<div class=\"elementor-widget-container\">\n\t\t\t\t\t\t\t\t\t<p><b style=\"color: var( --e-global-color-text );\">Ponte Vin\u00edcius de Moraes (Rua 11) que interliga os bairros Uni\u00e3o e Liberdade \u2013 Inaugurada em 2021<\/b><br><\/p>\n<p>Interligando os bairros Liberdade e Uni\u00e3o, a nova ponte possui uma estrutura bem mais moderna que a anterior, com cal\u00e7ada dos dois lados, corrim\u00e3o e guarda-corpo. Com a finaliza\u00e7\u00e3o da obra em 2021, a ponte passou a medir 45 metros de comprimento por 11 metros de largura. Na regi\u00e3o, o Prosap concluiu, ainda, servi\u00e7os de microdrenagem e esgotamento sanit\u00e1rio nas ruas 11 e Q, no bairro Uni\u00e3o.<\/p>\n<p><b>Ponte da Rua Santa Catarina que interliga os bairros Uni\u00e3o e Liberdade \u2013 Inaugurada em 2023<\/b><\/p>\n<p>Localizada no bairro Liberdade 1, estrutura tamb\u00e9m possui 45 metros de comprimento por 11 metros de largura, cal\u00e7ada dos dois lados, corrim\u00e3o e ilumina\u00e7\u00e3o de led. Nova ponte foi entregue pela gest\u00e3o municipal em fevereiro de 2023.<\/p>\n<p><b>Ponte Avenida Dubai que interliga os bairros Vale do Sol e Tropical \u2013 Inaugurada em 2023<\/b><\/p>\n<p>Localizada entre os bairros Tropical e Vale do Sol, nova estrutura tem 18 metros de largura por 22 metros de comprimento e tr\u00eas de altura, visando evitar os constantes alagamentos sempre ocorridos no per\u00edodo chuvoso.<\/p>\n<p><b>Parque Linear Igarap\u00e9 Ilha do Coco \u2013 Inaugurado em 2023<\/b><\/p>\n<p>Formado por infraestrutura completa, espa\u00e7o possui ciclovias, pergolados, pra\u00e7a com academia ao ar livre, guarda-corpos, lombadas, sinaliza\u00e7\u00e3o adequada, ilumina\u00e7\u00e3o com l\u00e2mpadas de led, drenagem pluvial e vagas para estacionamentos.<\/p>\n<p>Al\u00e9m de melhorar a infraestrutura local, eliminando os alagamentos hist\u00f3ricos, obra tamb\u00e9m conteve o avan\u00e7o de ocupa\u00e7\u00f5es irregulares na \u00c1rea de Preserva\u00e7\u00e3o Permanente (APP) pr\u00f3xima ao Igarap\u00e9 Ilha do Coco e, ao mesmo tempo, melhorou o tr\u00e2nsito na regi\u00e3o. Entregue \u00e0 popula\u00e7\u00e3o em fevereiro de 2023, o local possui, ainda, sistema vi\u00e1rio com quase 1,5 quil\u00f4metros de extens\u00e3o.<\/p>\n<p><b>Parque Linear do Complexo Tropical que interliga o Complexo Tropical \u00e0 PA 160 \u2013 Inaugurado em 2023<\/b><\/p>\n<p>Localizado entre as pontes da Rua Castanheira e a Avenida Espanha, no entorno do Igarap\u00e9 Lajeado, o Parque Linear do Complexo Tropical foi entregue \u00e0 comunidade em junho de 2023. Al\u00e9m de prevenir os alagamentos, espa\u00e7o conta com 2,5 quil\u00f4metros de pista para caminhada, ciclismo e \u00e1rea de conviv\u00eancia.<\/p>\n<p><b>Sistema Vi\u00e1rio \u00e0s margens do Igarap\u00e9 Ilha do Coco que promove a interliga\u00e7\u00e3o dos bairros Rio Verde, Uni\u00e3o e Liberdade<\/b><\/p>\n<p>Al\u00e9m de melhorar a infraestrutura local, o sistema vi\u00e1rio que est\u00e1 em execu\u00e7\u00e3o entre os bairros Rio Verde, Uni\u00e3o e Liberdade contribuir\u00e1 para a pr\u00e1tica de esportes e atividades de lazer naquela regi\u00e3o, antes tomada por mato e ocupa\u00e7\u00e3o irregular.<\/p>\n<p>Nos pr\u00f3ximos dias, o vi\u00e1rio direito ser\u00e1 entregue \u00e0 popula\u00e7\u00e3o, cuja extens\u00e3o consiste em quase um quil\u00f4metro. Somando com o vi\u00e1rio esquerdo, que logo ficar\u00e1 pronto, ser\u00e3o cerca de dois quil\u00f4metros, com muita urbaniza\u00e7\u00e3o, paisagismo e quadras para a pr\u00e1tica de basquete e futebol society, academia ao ar livre e parquinho para as crian\u00e7as.<\/p>\n<p><b>Avenida Parque \u2013 em constru\u00e7\u00e3o \u2013 Interliga\u00e7\u00e3o entre os bairros Jardim Canad\u00e1, Beira Rio e Maranh\u00e3o<\/b><\/p>\n<p>A Avenida Parque segue em constru\u00e7\u00e3o pelo Prosap, contudo, uma parte do trecho j\u00e1 foi liberado e \u00e9 bastante utilizado pelos visitantes do Complexo Tur\u00edstico de Parauapebas. Trata-se de uma nova via que liga o Complexo Tur\u00edstico&nbsp;\u00e0&nbsp;prefeitura.<\/p>\t\t\t\t\t\t\t\t<\/div>\n\t\t\t\t<\/div>\n\t\t\t\t\t<\/div>\n\t\t<\/div>\n\t\t\t\t\t<\/div>\n\t\t<\/section>\n\t\t\t\t<section class=\"elementor-section elementor-inner-section elementor-element elementor-element-cd93d6f elementor-section-boxed elementor-section-height-default elementor-section-height-default\" data-id=\"cd93d6f\" data-element_type=\"section\" data-e-type=\"section\">\n\t\t\t\t\t\t<div class=\"elementor-container elementor-column-gap-default\">\n\t\t\t\t\t<div class=\"elementor-column elementor-col-50 elementor-inner-column elementor-element elementor-element-91fb821\" data-id=\"91fb821\" data-element_type=\"column\" data-e-type=\"column\">\n\t\t\t<div class=\"elementor-widget-wrap elementor-element-populated\">\n\t\t\t\t\t\t<div class=\"elementor-element elementor-element-c5e5f64 elementor-widget elementor-widget-video\" data-id=\"c5e5f64\" data-element_type=\"widget\" data-e-type=\"widget\" data-settings=\"{&quot;youtube_url&quot;:&quot;https:\\\/\\\/youtu.be\\\/NjomJrS7ElU&quot;,&quot;video_type&quot;:&quot;youtube&quot;,&quot;controls&quot;:&quot;yes&quot;}\" data-widget_type=\"video.default\">\n\t\t\t\t<div class=\"elementor-widget-container\">\n\t\t\t\t\t\t\t<div class=\"elementor-wrapper elementor-open-inline\">\n\t\t\t<div class=\"elementor-video\"><\/div>\t\t<\/div>\n\t\t\t\t\t\t<\/div>\n\t\t\t\t<\/div>\n\t\t\t\t\t<\/div>\n\t\t<\/div>\n\t\t\t\t<div class=\"elementor-column elementor-col-50 elementor-inner-column elementor-element elementor-element-feb2ad7\" data-id=\"feb2ad7\" data-element_type=\"column\" data-e-type=\"column\">\n\t\t\t<div class=\"elementor-widget-wrap elementor-element-populated\">\n\t\t\t\t\t\t<div class=\"elementor-element elementor-element-3815088 elementor-widget elementor-widget-video\" data-id=\"3815088\" data-element_type=\"widget\" data-e-type=\"widget\" data-settings=\"{&quot;youtube_url&quot;:&quot;https:\\\/\\\/youtu.be\\\/SMsXJ9Tv6Ss&quot;,&quot;video_type&quot;:&quot;youtube&quot;,&quot;controls&quot;:&quot;yes&quot;}\" data-widget_type=\"video.default\">\n\t\t\t\t<div class=\"elementor-widget-container\">\n\t\t\t\t\t\t\t<div class=\"elementor-wrapper elementor-open-inline\">\n\t\t\t<div class=\"elementor-video\"><\/div>\t\t<\/div>\n\t\t\t\t\t\t<\/div>\n\t\t\t\t<\/div>\n\t\t\t\t\t<\/div>\n\t\t<\/div>\n\t\t\t\t\t<\/div>\n\t\t<\/section>\n\t\t\t\t<section class=\"elementor-section elementor-inner-section elementor-element elementor-element-5b5b0bb elementor-section-boxed elementor-section-height-default elementor-section-height-default\" data-id=\"5b5b0bb\" data-element_type=\"section\" data-e-type=\"section\">\n\t\t\t\t\t\t<div class=\"elementor-container elementor-column-gap-default\">\n\t\t\t\t\t<div class=\"elementor-column elementor-col-33 elementor-inner-column elementor-element elementor-element-c8e860d\" data-id=\"c8e860d\" data-element_type=\"column\" data-e-type=\"column\">\n\t\t\t<div class=\"elementor-widget-wrap elementor-element-populated\">\n\t\t\t\t\t\t<div class=\"elementor-element elementor-element-7616b43 elementor-widget elementor-widget-image\" data-id=\"7616b43\" data-element_type=\"widget\" data-e-type=\"widget\" data-widget_type=\"image.default\">\n\t\t\t\t<div class=\"elementor-widget-container\">\n\t\t\t\t\t\t\t\t\t\t\t\t\t\t\t\t<a href=\"https:\/\/prosap.parauapebas.pa.gov.br\/wp-content\/uploads\/2023\/11\/mobilidade_urbana_02.jpg\" data-elementor-open-lightbox=\"yes\" data-elementor-lightbox-title=\"mobilidade_urbana_02\" data-e-action-hash=\"#elementor-action%3Aaction%3Dlightbox%26settings%3DeyJpZCI6MTk2MywidXJsIjoiaHR0cHM6XC9cL3Byb3NhcC5wYXJhdWFwZWJhcy5wYS5nb3YuYnJcL3dwLWNvbnRlbnRcL3VwbG9hZHNcLzIwMjNcLzExXC9tb2JpbGlkYWRlX3VyYmFuYV8wMi5qcGcifQ%3D%3D\">\n\t\t\t\t\t\t\t<img fetchpriority=\"high\" decoding=\"async\" width=\"520\" height=\"345\" src=\"https:\/\/prosap.parauapebas.pa.gov.br\/wp-content\/uploads\/2023\/11\/mobilidade_urbana_02.jpg\" class=\"elementor-animation-hang attachment-large size-large wp-image-1963\" alt=\"\" srcset=\"https:\/\/prosap.parauapebas.pa.gov.br\/wp-content\/uploads\/2023\/11\/mobilidade_urbana_02.jpg 520w, https:\/\/prosap.parauapebas.pa.gov.br\/wp-content\/uploads\/2023\/11\/mobilidade_urbana_02-300x199.jpg 300w\" sizes=\"(max-width: 520px) 100vw, 520px\" \/>\t\t\t\t\t\t\t\t<\/a>\n\t\t\t\t\t\t\t\t\t\t\t\t\t\t\t<\/div>\n\t\t\t\t<\/div>\n\t\t\t\t\t<\/div>\n\t\t<\/div>\n\t\t\t\t<div class=\"elementor-column elementor-col-33 elementor-inner-column elementor-element elementor-element-020f15d\" data-id=\"020f15d\" data-element_type=\"column\" data-e-type=\"column\">\n\t\t\t<div class=\"elementor-widget-wrap elementor-element-populated\">\n\t\t\t\t\t\t<div class=\"elementor-element elementor-element-a901476 elementor-widget elementor-widget-image\" data-id=\"a901476\" data-element_type=\"widget\" data-e-type=\"widget\" data-widget_type=\"image.default\">\n\t\t\t\t<div class=\"elementor-widget-container\">\n\t\t\t\t\t\t\t\t\t\t\t\t\t\t\t\t<a href=\"https:\/\/prosap.parauapebas.pa.gov.br\/wp-content\/uploads\/2023\/11\/mobilidade_urbana_01.jpg\" data-elementor-open-lightbox=\"yes\" data-elementor-lightbox-title=\"mobilidade_urbana_01\" data-e-action-hash=\"#elementor-action%3Aaction%3Dlightbox%26settings%3DeyJpZCI6MTk2MiwidXJsIjoiaHR0cHM6XC9cL3Byb3NhcC5wYXJhdWFwZWJhcy5wYS5nb3YuYnJcL3dwLWNvbnRlbnRcL3VwbG9hZHNcLzIwMjNcLzExXC9tb2JpbGlkYWRlX3VyYmFuYV8wMS5qcGcifQ%3D%3D\">\n\t\t\t\t\t\t\t<img decoding=\"async\" width=\"520\" height=\"345\" src=\"https:\/\/prosap.parauapebas.pa.gov.br\/wp-content\/uploads\/2023\/11\/mobilidade_urbana_01.jpg\" class=\"elementor-animation-hang attachment-large size-large wp-image-1962\" alt=\"\" srcset=\"https:\/\/prosap.parauapebas.pa.gov.br\/wp-content\/uploads\/2023\/11\/mobilidade_urbana_01.jpg 520w, https:\/\/prosap.parauapebas.pa.gov.br\/wp-content\/uploads\/2023\/11\/mobilidade_urbana_01-300x199.jpg 300w\" sizes=\"(max-width: 520px) 100vw, 520px\" \/>\t\t\t\t\t\t\t\t<\/a>\n\t\t\t\t\t\t\t\t\t\t\t\t\t\t\t<\/div>\n\t\t\t\t<\/div>\n\t\t\t\t\t<\/div>\n\t\t<\/div>\n\t\t\t\t<div class=\"elementor-column elementor-col-33 elementor-inner-column elementor-element elementor-element-13514de\" data-id=\"13514de\" data-element_type=\"column\" data-e-type=\"column\">\n\t\t\t<div class=\"elementor-widget-wrap elementor-element-populated\">\n\t\t\t\t\t\t<div class=\"elementor-element elementor-element-066638b elementor-widget elementor-widget-image\" data-id=\"066638b\" data-element_type=\"widget\" data-e-type=\"widget\" data-widget_type=\"image.default\">\n\t\t\t\t<div class=\"elementor-widget-container\">\n\t\t\t\t\t\t\t\t\t\t\t\t\t\t\t\t<a href=\"https:\/\/prosap.parauapebas.pa.gov.br\/wp-content\/uploads\/2023\/11\/mobilidade_urbana_03.jpg\" data-elementor-open-lightbox=\"yes\" data-elementor-lightbox-title=\"mobilidade_urbana_03\" data-e-action-hash=\"#elementor-action%3Aaction%3Dlightbox%26settings%3DeyJpZCI6MTk2MSwidXJsIjoiaHR0cHM6XC9cL3Byb3NhcC5wYXJhdWFwZWJhcy5wYS5nb3YuYnJcL3dwLWNvbnRlbnRcL3VwbG9hZHNcLzIwMjNcLzExXC9tb2JpbGlkYWRlX3VyYmFuYV8wMy5qcGcifQ%3D%3D\">\n\t\t\t\t\t\t\t<img decoding=\"async\" width=\"520\" height=\"345\" src=\"https:\/\/prosap.parauapebas.pa.gov.br\/wp-content\/uploads\/2023\/11\/mobilidade_urbana_03.jpg\" class=\"elementor-animation-hang attachment-large size-large wp-image-1961\" alt=\"\" srcset=\"https:\/\/prosap.parauapebas.pa.gov.br\/wp-content\/uploads\/2023\/11\/mobilidade_urbana_03.jpg 520w, https:\/\/prosap.parauapebas.pa.gov.br\/wp-content\/uploads\/2023\/11\/mobilidade_urbana_03-300x199.jpg 300w\" sizes=\"(max-width: 520px) 100vw, 520px\" \/>\t\t\t\t\t\t\t\t<\/a>\n\t\t\t\t\t\t\t\t\t\t\t\t\t\t\t<\/div>\n\t\t\t\t<\/div>\n\t\t\t\t\t<\/div>\n\t\t<\/div>\n\t\t\t\t\t<\/div>\n\t\t<\/section>\n\t\t\t\t\t<\/div>\n\t\t<\/div>\n\t\t\t\t\t<\/div>\n\t\t<\/section>\n\t\t\t\t<\/div>\n\t\t","protected":false},"excerpt":{"rendered":"<p>Mobilidade Urbana Ponte Vin\u00edcius de Moraes (Rua 11) que interliga os bairros Uni\u00e3o e Liberdade \u2013 Inaugurada em 2021 Interligando os bairros Liberdade e Uni\u00e3o, a nova ponte possui uma estrutura bem mais moderna que a anterior, com cal\u00e7ada dos dois lados, corrim\u00e3o e guarda-corpo. Com a finaliza\u00e7\u00e3o da obra em 2021, a ponte passou [&hellip;]<\/p>\n","protected":false},"author":1,"featured_media":0,"parent":0,"menu_order":0,"comment_status":"closed","ping_status":"closed","template":"elementor_header_footer","meta":{"_acf_changed":false,"_crdt_document":"","_joinchat":[],"footnotes":""},"class_list":["post-1956","page","type-page","status-publish","hentry"],"acf":[],"_links":{"self":[{"href":"https:\/\/prosap.parauapebas.pa.gov.br\/index.php\/wp-json\/wp\/v2\/pages\/1956","targetHints":{"allow":["GET"]}}],"collection":[{"href":"https:\/\/prosap.parauapebas.pa.gov.br\/index.php\/wp-json\/wp\/v2\/pages"}],"about":[{"href":"https:\/\/prosap.parauapebas.pa.gov.br\/index.php\/wp-json\/wp\/v2\/types\/page"}],"author":[{"embeddable":true,"href":"https:\/\/prosap.parauapebas.pa.gov.br\/index.php\/wp-json\/wp\/v2\/users\/1"}],"replies":[{"embeddable":true,"href":"https:\/\/prosap.parauapebas.pa.gov.br\/index.php\/wp-json\/wp\/v2\/comments?post=1956"}],"version-history":[{"count":0,"href":"https:\/\/prosap.parauapebas.pa.gov.br\/index.php\/wp-json\/wp\/v2\/pages\/1956\/revisions"}],"wp:attachment":[{"href":"https:\/\/prosap.parauapebas.pa.gov.br\/index.php\/wp-json\/wp\/v2\/media?parent=1956"}],"curies":[{"name":"wp","href":"https:\/\/api.w.org\/{rel}","templated":true}]}}